{"id":29730,"date":"2024-01-17T14:39:43","date_gmt":"2024-01-17T22:39:43","guid":{"rendered":"https:\/\/melavangoc.com\/?page_id=29730"},"modified":"2024-02-09T15:49:50","modified_gmt":"2024-02-09T23:49:50","slug":"contest-raffle-results-2023","status":"publish","type":"page","link":"https:\/\/melavangoc.com\/en\/marian-days-2023\/contest-raffle-results-2023\/","title":{"rendered":"Contest and Raffle Results 2023"},"content":{"rendered":"<div class=\"wp-block-group has-global-padding is-layout-constrained wp-block-group-is-layout-constrained\">\n<h2 class=\"wp-block-heading\"><strong><strong>Marian Days 2023 Contest and Raffle Winners Announcement<\/strong><\/strong><\/h2>\n\n\n\n<p>Marian Days 2023 was concluded at 10:00 PM on Saturday July 15th 2023 with a large number of participating attendees that outperformed our anticipation.  In the last 3 months, we have prepared and provided a variety of other on-going programs as participating opportunities to youth, young adults, and all California residents to encourage everyone, all walks of faith, to join us.  The number of people participated in these programs also outperformed our expectation.<\/p>\n\n\n\n<p>Through our Priests and Nuns, as judges, we are happy to announce the winners of our contests below.<\/p>\n\n\n\n<p>Our Raffle Prize winning via lottery is also recorded as below.\n\nPlease contact us through our email&nbsp;<a href=\"mailto:info@melavangoc.com\">info@melavangoc.com<\/a>&nbsp;to arrange for a day\/time to pick up your prizes.  All unclaimed prizes by September 15th, 2023 will go toward Marian Days 2024 Fund.<\/p>\n\n\n\n<p>Thank you for all your participation and contribution.  We will see you on Marian Days III <em>on July 12th and 13th 2024<\/em>\u00a0with a new theme:<em>\u201cMary, Ark of the Covenant\u201c.<\/em>\u201c<\/p>\n\n\n\n<style type=\"text\/css\">h3.wp-block-heading{margin-top:50px;}<\/style><h3 class=\"wp-block-heading\">Logo Contest Gi\u1ea3i Marian Days 2023<\/h3>\n<div class=\"wp-block-columns\">\n<div class=\"wp-block-column\" style=\"flex-basis:75%\">\n<p>Rick Conway, Huntington Beach CA<\/p>\n<\/div>\n<div class=\"wp-block-column\" style=\"flex-basis:25%\">\n<p>($1,000)<\/p>\n<\/div>\n<\/div>\n<h3 class=\"wp-block-heading\">Essay Contest \/ Gi\u1ea3i Lu\u1eadn L\u00e0m V\u0103n<\/h3>\n<div class=\"wp-block-columns\">\n<div class=\"wp-block-column\" style=\"flex-basis:25%\">\n<p>Gi\u1ea3i Nh\u1ea5t Trung H\u1ecdc<\/p>\n<\/div>\n<div class=\"wp-block-column\" style=\"flex-basis:50%\">\n<p>Dominick Ninh &#8211; Garden Grove High School<\/p>\n<\/div>\n<div class=\"wp-block-column\" style=\"flex-basis:25%\">\n<p>($1,000)<\/p>\n<\/div>\n<\/div>\n<div class=\"wp-block-columns\">\n<div class=\"wp-block-column\" style=\"flex-basis:25%\">\n<p>Gi\u1ea3i Nh\u1ecb Trung H\u1ecdc<\/p>\n<\/div>\n<div class=\"wp-block-column\" style=\"flex-basis:50%\">\n<p>Alexander Lam &#8211; Sunny Creek High School Texas<\/p>\n<\/div>\n<div class=\"wp-block-column\" style=\"flex-basis:25%\">\n<p>($500)<\/p>\n<\/div>\n<\/div>\n<div class=\"wp-block-columns\">\n<div class=\"wp-block-column\" style=\"flex-basis:25%\">\n<p>Gi\u1ea3i Nh\u1ea5t Sinh Vi\u00ean<\/p>\n<\/div>\n<div class=\"wp-block-column\" style=\"flex-basis:50%\">\n<p>Joseph Nguy\u1ec5n &#8211; Orange Coast College<\/p>\n<\/div>\n<div class=\"wp-block-column\" style=\"flex-basis:25%\">\n<p>($1,000)<\/p>\n<\/div>\n<\/div>\n<div class=\"wp-block-columns\">\n<div class=\"wp-block-column\" style=\"flex-basis:25%\">\n<p>Gi\u1ea3i Nh\u1ecb Sinh Vi\u00ean<\/p>\n<\/div>\n<div class=\"wp-block-column\" style=\"flex-basis:50%\">\n<p>Celina Tr\u1ea7n &#8211; Chapman University<\/p>\n<\/div>\n<div class=\"wp-block-column\" style=\"flex-basis:25%\">\n<p>($500)<\/p>\n<\/div>\n<\/div>\n<h3 class=\"wp-block-heading\">Floragraph Contest \/ Gi\u1ea3i Ngh\u1ec7 Thu\u1eadt V\u1ebd B\u1eb1ng Hoa<\/h3>\n<div class=\"wp-block-columns\">\n<div class=\"wp-block-column\" style=\"flex-basis:25%\">\n<p>Gi\u1ea3i Nh\u1ea5t<\/p>\n<\/div>\n<div class=\"wp-block-column\" style=\"flex-basis:50%\">\n<p>Entry 3 TNTT T\u00ear\u00eaxa H\u00e0i \u0110\u1ed3ng (Huynh Tr\u01b0\u1edfng Team)<br>La Purisima Church<\/p>\n<\/div>\n<div class=\"wp-block-column\" style=\"flex-basis:25%\">\n<p>($500)<\/p>\n<\/div>\n<\/div>\n<div class=\"wp-block-columns\">\n<div class=\"wp-block-column\" style=\"flex-basis:25%\">\n<p>Giai Nh\u00ec<\/p>\n<\/div>\n<div class=\"wp-block-column\" style=\"flex-basis:50%\">\n<p>Entry 1 TNTT \u0110\u1ee9c M\u1eb9 M\u00f4ng Tri\u1ec7u &#8211; St. Boniface Church<\/p>\n<\/div>\n<div class=\"wp-block-column\" style=\"flex-basis:25%\">\n<p>($300)<\/p>\n<\/div>\n<\/div>\n<div class=\"wp-block-columns\">\n<div class=\"wp-block-column\" style=\"flex-basis:25%\">\n<p>Gi\u1ea3i Ba<\/p>\n<\/div>\n<div class=\"wp-block-column\" style=\"flex-basis:50%\">\n<p>Entry 2 TNTT T\u00ear\u00eaxa H\u00e0i \u0110\u1ed3ng (Hi\u1ec7p S\u0129 Team) &#8211; La Purisima Church<\/p>\n<\/div>\n<div class=\"wp-block-column\" style=\"flex-basis:25%\">\n<p>($200)<\/p>\n<\/div>\n<\/div>\n<h3 class=\"wp-block-heading\">The winning Raffle Tickets are as follows \/ K\u1ebft qu\u1ea3 r\u00fat th\u0103m c\u1ee7a c\u00e1c gi\u1ea3i v\u00e9 s\u1ed1 tr\u00fang nh\u01b0 sau<\/h3>\n<div class=\"wp-block-columns\">\n<div class=\"wp-block-column\" style=\"flex-basis:25%\">\n<p>Grand Prize<br>\u0110\u1ed9c \u0110\u1eafc<\/p>\n<\/div>\n<div class=\"wp-block-column\" style=\"flex-basis:50%\">\n<p>No: 202501<\/p>\n<\/div>\n<div class=\"wp-block-column\" style=\"flex-basis:25%\">\n<p>($50,000) <\/p>\n<\/div>\n<\/div>\n<div class=\"wp-block-columns\">\n<div class=\"wp-block-column\" style=\"flex-basis:25%\">\n<p>First Prize<br>Gi\u1ea3i Nh\u1ea5t<\/p>\n<\/div>\n<div class=\"wp-block-column\" style=\"flex-basis:50%\">\n<p>No: 204956<\/p>\n<\/div>\n<div class=\"wp-block-column\" style=\"flex-basis:25%\">\n<p>($10,000)<\/p>\n<\/div>\n<\/div>\n<div class=\"wp-block-columns\">\n<div class=\"wp-block-column\" style=\"flex-basis:25%\">\n<p>Second Prize<br>Gi\u1ea3i Nh\u00ec<\/p>\n<\/div>\n<div class=\"wp-block-column\" style=\"flex-basis:50%\">\n<p>No: 266538<\/p>\n<\/div>\n<div class=\"wp-block-column\" style=\"flex-basis:25%\">\n<p>($5,000) <\/p>\n<\/div>\n<\/div>\n<div class=\"wp-block-columns\">\n<div class=\"wp-block-column\" style=\"flex-basis:25%\">\n<p>Third Prize<br>Gi\u1ea3i Ba<\/p>\n<\/div>\n<div class=\"wp-block-column\" style=\"flex-basis:50%\">\n<p>No: 209741<\/p>\n<\/div>\n<div class=\"wp-block-column\" style=\"flex-basis:25%\">\n<p>($2,500)<\/p>\n<\/div>\n<\/div>\n<div class=\"wp-block-columns\">\n<div class=\"wp-block-column\" style=\"flex-basis:25%\">\n<p>Consolation Prizes (5)<br>Gi\u1ea3i An \u1ee6i (5)<\/p>\n<\/div>\n<div class=\"wp-block-column\" style=\"flex-basis:50%\">\n<p>No: 200406, No: 102586, No: 215245, No: 160407, No: 251223<\/p>\n<\/div>\n<div class=\"wp-block-column\" style=\"flex-basis:25%\">\n<p>($500 each)<\/p>\n<\/div>\n<\/div>\n<\/div>\n\n\n\n<div class=\"wp-block-buttons has-custom-font-size has-small-font-size is-horizontal is-content-justification-center is-layout-flex wp-container-core-buttons-is-layout-03627597 wp-block-buttons-is-layout-flex\">\n<div class=\"wp-block-button has-custom-font-size has-medium-font-size\"><a class=\"wp-block-button__link wp-element-button\" href=\"mailto:info@melavangoc.com\" target=\"_blank\" rel=\"noreferrer noopener\">Contact <strong>info@melavangoc.com<\/strong> to Arrange Pickup<\/a><\/div>\n<\/div>\n\n\n\n<div style=\"height:100px\" aria-hidden=\"true\" class=\"wp-block-spacer\"><\/div>\n\n\n\n<h2 class=\"wp-block-heading has-text-align-center\">Frequently Asked Questions<\/h2>\n\n\n\n<ol class=\"wp-block-list\">\n<li>All activities during Marian Days such as Workshop, Entertainment programs are free admission. There is no need to register as it is first-come, first-serve.<\/li>\n\n\n\n<li>To properly prepare for mass, adoration, confession and other ministries, all Clergy, Religious Order and Deacon are asked to register to attend our event.<\/li>\n\n\n\n<li>We will have many food and drink booths along with gift shops for your purchasing convenience.<\/li>\n\n\n\n<li>In addition, there will be vocation booths and other Catholic Ministry booths where you can get more details directly from these organizations.<\/li>\n\n\n\n<li>New this year is: we will provide filtered drinking water tanks located all around the campus for your hydration refill needs.<\/li>\n<\/ol>","protected":false},"excerpt":{"rendered":"<p>Th\u00f4ng B\u00e1o C\u1ee7a Ban T\u1ed5 Ch\u1ee9c \u0110\u1ea1i H\u1ed9i Th\u00e1nh M\u1eabu \u2013 2023 \u0110\u1ea1i H\u1ed9i Th\u00e1nh M\u1eabu \u0111\u00e3 k\u1ebft th\u00fac v\u00e0o l\u00fac 10:00 pm ng\u00e0y 15 th\u00e1ng 7 n\u0103m 2023 v\u1edbi s\u1ed1 l\u01b0\u1ee3ng gi\u00e1o d\u00e2n tham d\u1ef1 v\u01b0\u1ee3t ngo\u00e0i d\u1ef1 \u0111o\u00e1n c\u1ee7a ban t\u1ed5 ch\u1ee9c (BTC).&nbsp; Ngo\u00e0i ra, trong qu\u00e1 tr\u00ecnh h\u01a1n 3 th\u00e1ng qua, ch\u00fang [&hellip;]<\/p>\n","protected":false},"author":8,"featured_media":133,"parent":29729,"menu_order":0,"comment_status":"closed","ping_status":"closed","template":"","meta":{"_acf_changed":false,"footnotes":""},"class_list":["post-29730","page","type-page","status-publish","has-post-thumbnail","hentry"],"acf":[],"yoast_head":"<!-- This site is optimized with the Yoast SEO plugin v27.0 - https:\/\/yoast.com\/product\/yoast-seo-wordpress\/ -->\n<title>Marian Days at Christ Cathedral in Orange County, CA - Marian Days RCBO<\/title>\n<meta name=\"description\" content=\"Join our two-day event celebrating Marian Days at Christ Cathedral campus! Speakers &amp; entertainment offered in both Vietnamese and English.\" \/>\n<meta name=\"robots\" content=\"index, follow, max-snippet:-1, max-image-preview:large, max-video-preview:-1\" \/>\n<link rel=\"canonical\" href=\"https:\/\/melavangoc.com\/en\/marian-days-2023\/contest-raffle-results-2023\/\" \/>\n<meta property=\"og:locale\" content=\"en_US\" \/>\n<meta property=\"og:type\" content=\"article\" \/>\n<meta property=\"og:title\" content=\"Marian Days at Christ Cathedral in Orange County, CA - Marian Days RCBO\" \/>\n<meta property=\"og:description\" content=\"Join our two-day event celebrating Marian Days at Christ Cathedral campus! Speakers &amp; entertainment offered in both Vietnamese and English.\" \/>\n<meta property=\"og:url\" content=\"https:\/\/melavangoc.com\/en\/marian-days-2023\/contest-raffle-results-2023\/\" \/>\n<meta property=\"og:site_name\" content=\"Marian Days\" \/>\n<meta property=\"article:modified_time\" content=\"2024-02-09T23:49:50+00:00\" \/>\n<meta property=\"og:image\" content=\"https:\/\/melavangoc.com\/wp-content\/uploads\/2022\/03\/mariandayheaderpage.jpg\" \/>\n\t<meta property=\"og:image:width\" content=\"1600\" \/>\n\t<meta property=\"og:image:height\" content=\"925\" \/>\n\t<meta property=\"og:image:type\" content=\"image\/jpeg\" \/>\n<meta name=\"twitter:card\" content=\"summary_large_image\" \/>\n<meta name=\"twitter:label1\" content=\"Est. reading time\" \/>\n\t<meta name=\"twitter:data1\" content=\"3 minutes\" \/>\n<script type=\"application\/ld+json\" class=\"yoast-schema-graph\">{\"@context\":\"https:\/\/schema.org\",\"@graph\":[{\"@type\":\"WebPage\",\"@id\":\"https:\/\/melavangoc.com\/marian-days-2023\/contest-raffle-results-2023\/\",\"url\":\"https:\/\/melavangoc.com\/marian-days-2023\/contest-raffle-results-2023\/\",\"name\":\"Marian Days at Christ Cathedral in Orange County, CA - Marian Days RCBO\",\"isPartOf\":{\"@id\":\"https:\/\/melavangoc.com\/#website\"},\"primaryImageOfPage\":{\"@id\":\"https:\/\/melavangoc.com\/marian-days-2023\/contest-raffle-results-2023\/#primaryimage\"},\"image\":{\"@id\":\"https:\/\/melavangoc.com\/marian-days-2023\/contest-raffle-results-2023\/#primaryimage\"},\"thumbnailUrl\":\"https:\/\/melavangoc.com\/wp-content\/uploads\/2022\/03\/mariandayheaderpage.jpg\",\"datePublished\":\"2024-01-17T22:39:43+00:00\",\"dateModified\":\"2024-02-09T23:49:50+00:00\",\"description\":\"Join our two-day event celebrating Marian Days at Christ Cathedral campus! Speakers & entertainment offered in both Vietnamese and English.\",\"breadcrumb\":{\"@id\":\"https:\/\/melavangoc.com\/marian-days-2023\/contest-raffle-results-2023\/#breadcrumb\"},\"inLanguage\":\"en-US\",\"potentialAction\":[{\"@type\":\"ReadAction\",\"target\":[\"https:\/\/melavangoc.com\/marian-days-2023\/contest-raffle-results-2023\/\"]}]},{\"@type\":\"ImageObject\",\"inLanguage\":\"en-US\",\"@id\":\"https:\/\/melavangoc.com\/marian-days-2023\/contest-raffle-results-2023\/#primaryimage\",\"url\":\"https:\/\/melavangoc.com\/wp-content\/uploads\/2022\/03\/mariandayheaderpage.jpg\",\"contentUrl\":\"https:\/\/melavangoc.com\/wp-content\/uploads\/2022\/03\/mariandayheaderpage.jpg\",\"width\":1600,\"height\":925},{\"@type\":\"BreadcrumbList\",\"@id\":\"https:\/\/melavangoc.com\/marian-days-2023\/contest-raffle-results-2023\/#breadcrumb\",\"itemListElement\":[{\"@type\":\"ListItem\",\"position\":1,\"name\":\"Home\",\"item\":\"https:\/\/melavangoc.com\/\"},{\"@type\":\"ListItem\",\"position\":2,\"name\":\"Marian Days 2023\",\"item\":\"https:\/\/melavangoc.com\/marian-days-2023\/\"},{\"@type\":\"ListItem\",\"position\":3,\"name\":\"C\u00e1c Gi\u1ea3i Thi \u0110\u1ed1 v\u00e0 v\u00e9 s\u1ed1 2023\"}]},{\"@type\":\"WebSite\",\"@id\":\"https:\/\/melavangoc.com\/#website\",\"url\":\"https:\/\/melavangoc.com\/\",\"name\":\"Marian Days\",\"description\":\"\",\"publisher\":{\"@id\":\"https:\/\/melavangoc.com\/#organization\"},\"potentialAction\":[{\"@type\":\"SearchAction\",\"target\":{\"@type\":\"EntryPoint\",\"urlTemplate\":\"https:\/\/melavangoc.com\/?s={search_term_string}\"},\"query-input\":{\"@type\":\"PropertyValueSpecification\",\"valueRequired\":true,\"valueName\":\"search_term_string\"}}],\"inLanguage\":\"en-US\"},{\"@type\":\"Organization\",\"@id\":\"https:\/\/melavangoc.com\/#organization\",\"name\":\"Roman Catholic Diocese of Orange\",\"url\":\"https:\/\/melavangoc.com\/\",\"logo\":{\"@type\":\"ImageObject\",\"inLanguage\":\"en-US\",\"@id\":\"https:\/\/melavangoc.com\/#\/schema\/logo\/image\/\",\"url\":\"https:\/\/melavangoc.com\/wp-content\/uploads\/2025\/07\/AVA-Marian-Days-2026.png\",\"contentUrl\":\"https:\/\/melavangoc.com\/wp-content\/uploads\/2025\/07\/AVA-Marian-Days-2026.png\",\"width\":598,\"height\":661,\"caption\":\"Roman Catholic Diocese of Orange\"},\"image\":{\"@id\":\"https:\/\/melavangoc.com\/#\/schema\/logo\/image\/\"}}]}<\/script>\n<!-- \/ Yoast SEO plugin. -->","yoast_head_json":{"title":"Marian Days at Christ Cathedral in Orange County, CA - Marian Days RCBO","description":"Join our two-day event celebrating Marian Days at Christ Cathedral campus! Speakers & entertainment offered in both Vietnamese and English.","robots":{"index":"index","follow":"follow","max-snippet":"max-snippet:-1","max-image-preview":"max-image-preview:large","max-video-preview":"max-video-preview:-1"},"canonical":"https:\/\/melavangoc.com\/en\/marian-days-2023\/contest-raffle-results-2023\/","og_locale":"en_US","og_type":"article","og_title":"Marian Days at Christ Cathedral in Orange County, CA - Marian Days RCBO","og_description":"Join our two-day event celebrating Marian Days at Christ Cathedral campus! Speakers & entertainment offered in both Vietnamese and English.","og_url":"https:\/\/melavangoc.com\/en\/marian-days-2023\/contest-raffle-results-2023\/","og_site_name":"Marian Days","article_modified_time":"2024-02-09T23:49:50+00:00","og_image":[{"width":1600,"height":925,"url":"https:\/\/melavangoc.com\/wp-content\/uploads\/2022\/03\/mariandayheaderpage.jpg","type":"image\/jpeg"}],"twitter_card":"summary_large_image","twitter_misc":{"Est. reading time":"3 minutes"},"schema":{"@context":"https:\/\/schema.org","@graph":[{"@type":"WebPage","@id":"https:\/\/melavangoc.com\/marian-days-2023\/contest-raffle-results-2023\/","url":"https:\/\/melavangoc.com\/marian-days-2023\/contest-raffle-results-2023\/","name":"Marian Days at Christ Cathedral in Orange County, CA - Marian Days RCBO","isPartOf":{"@id":"https:\/\/melavangoc.com\/#website"},"primaryImageOfPage":{"@id":"https:\/\/melavangoc.com\/marian-days-2023\/contest-raffle-results-2023\/#primaryimage"},"image":{"@id":"https:\/\/melavangoc.com\/marian-days-2023\/contest-raffle-results-2023\/#primaryimage"},"thumbnailUrl":"https:\/\/melavangoc.com\/wp-content\/uploads\/2022\/03\/mariandayheaderpage.jpg","datePublished":"2024-01-17T22:39:43+00:00","dateModified":"2024-02-09T23:49:50+00:00","description":"Join our two-day event celebrating Marian Days at Christ Cathedral campus! Speakers & entertainment offered in both Vietnamese and English.","breadcrumb":{"@id":"https:\/\/melavangoc.com\/marian-days-2023\/contest-raffle-results-2023\/#breadcrumb"},"inLanguage":"en-US","potentialAction":[{"@type":"ReadAction","target":["https:\/\/melavangoc.com\/marian-days-2023\/contest-raffle-results-2023\/"]}]},{"@type":"ImageObject","inLanguage":"en-US","@id":"https:\/\/melavangoc.com\/marian-days-2023\/contest-raffle-results-2023\/#primaryimage","url":"https:\/\/melavangoc.com\/wp-content\/uploads\/2022\/03\/mariandayheaderpage.jpg","contentUrl":"https:\/\/melavangoc.com\/wp-content\/uploads\/2022\/03\/mariandayheaderpage.jpg","width":1600,"height":925},{"@type":"BreadcrumbList","@id":"https:\/\/melavangoc.com\/marian-days-2023\/contest-raffle-results-2023\/#breadcrumb","itemListElement":[{"@type":"ListItem","position":1,"name":"Home","item":"https:\/\/melavangoc.com\/"},{"@type":"ListItem","position":2,"name":"Marian Days 2023","item":"https:\/\/melavangoc.com\/marian-days-2023\/"},{"@type":"ListItem","position":3,"name":"C\u00e1c Gi\u1ea3i Thi \u0110\u1ed1 v\u00e0 v\u00e9 s\u1ed1 2023"}]},{"@type":"WebSite","@id":"https:\/\/melavangoc.com\/#website","url":"https:\/\/melavangoc.com\/","name":"Marian Days","description":"","publisher":{"@id":"https:\/\/melavangoc.com\/#organization"},"potentialAction":[{"@type":"SearchAction","target":{"@type":"EntryPoint","urlTemplate":"https:\/\/melavangoc.com\/?s={search_term_string}"},"query-input":{"@type":"PropertyValueSpecification","valueRequired":true,"valueName":"search_term_string"}}],"inLanguage":"en-US"},{"@type":"Organization","@id":"https:\/\/melavangoc.com\/#organization","name":"Roman Catholic Diocese of Orange","url":"https:\/\/melavangoc.com\/","logo":{"@type":"ImageObject","inLanguage":"en-US","@id":"https:\/\/melavangoc.com\/#\/schema\/logo\/image\/","url":"https:\/\/melavangoc.com\/wp-content\/uploads\/2025\/07\/AVA-Marian-Days-2026.png","contentUrl":"https:\/\/melavangoc.com\/wp-content\/uploads\/2025\/07\/AVA-Marian-Days-2026.png","width":598,"height":661,"caption":"Roman Catholic Diocese of Orange"},"image":{"@id":"https:\/\/melavangoc.com\/#\/schema\/logo\/image\/"}}]}},"_links":{"self":[{"href":"https:\/\/melavangoc.com\/en\/wp-json\/wp\/v2\/pages\/29730","targetHints":{"allow":["GET"]}}],"collection":[{"href":"https:\/\/melavangoc.com\/en\/wp-json\/wp\/v2\/pages"}],"about":[{"href":"https:\/\/melavangoc.com\/en\/wp-json\/wp\/v2\/types\/page"}],"author":[{"embeddable":true,"href":"https:\/\/melavangoc.com\/en\/wp-json\/wp\/v2\/users\/8"}],"replies":[{"embeddable":true,"href":"https:\/\/melavangoc.com\/en\/wp-json\/wp\/v2\/comments?post=29730"}],"version-history":[{"count":0,"href":"https:\/\/melavangoc.com\/en\/wp-json\/wp\/v2\/pages\/29730\/revisions"}],"up":[{"embeddable":true,"href":"https:\/\/melavangoc.com\/en\/wp-json\/wp\/v2\/pages\/29729"}],"wp:featuredmedia":[{"embeddable":true,"href":"https:\/\/melavangoc.com\/en\/wp-json\/wp\/v2\/media\/133"}],"wp:attachment":[{"href":"https:\/\/melavangoc.com\/en\/wp-json\/wp\/v2\/media?parent=29730"}],"curies":[{"name":"wp","href":"https:\/\/api.w.org\/{rel}","templated":true}]}}